{"id":2599,"date":"2022-08-05T12:52:56","date_gmt":"2022-08-05T10:52:56","guid":{"rendered":"https:\/\/rezhegyokovillapark.hu\/?page_id=2599"},"modified":"2023-08-08T12:06:12","modified_gmt":"2023-08-08T10:06:12","slug":"adatkezelesi-tajekoztato","status":"publish","type":"page","link":"https:\/\/rezhegyokovillapark.hu\/en\/adatkezelesi-tajekoztato\/","title":{"rendered":"Privacy Policy"},"content":{"rendered":"<div class=\"fusion-fullwidth fullwidth-box fusion-builder-row-1 fusion-flex-container has-pattern-background has-mask-background nonhundred-percent-fullwidth non-hundred-percent-height-scrolling\" style=\"--awb-border-radius-top-left:0px;--awb-border-radius-top-right:0px;--awb-border-radius-bottom-right:0px;--awb-border-radius-bottom-left:0px;--awb-padding-top:40px;--awb-padding-bottom:25px;--awb-flex-wrap:wrap;\" ><div class=\"fusion-builder-row fusion-row fusion-flex-align-items-flex-start fusion-flex-content-wrap\" style=\"max-width:1216.8px;margin-left: calc(-4% \/ 2 );margin-right: calc(-4% \/ 2 );\"><div class=\"fusion-layout-column fusion_builder_column fusion-builder-column-0 fusion_builder_column_1_1 1_1 fusion-flex-column\" style=\"--awb-bg-size:cover;--awb-width-large:100%;--awb-margin-top-large:0px;--awb-spacing-right-large:1.92%;--awb-margin-bottom-large:20px;--awb-spacing-left-large:1.92%;--awb-width-medium:100%;--awb-order-medium:0;--awb-spacing-right-medium:1.92%;--awb-spacing-left-medium:1.92%;--awb-width-small:100%;--awb-order-small:0;--awb-spacing-right-small:1.92%;--awb-spacing-left-small:1.92%;\"><div class=\"fusion-column-wrapper fusion-column-has-shadow fusion-flex-justify-content-flex-start fusion-content-layout-column\"><div class=\"fusion-text fusion-text-1 fusion-text-no-margin\" style=\"--awb-margin-bottom:40px;\"><h3><strong>Privacy Policy<\/strong><\/h3>\n<\/div><div class=\"fusion-text fusion-text-2\"><p><strong>A https:\/\/rezhegyokovillapark.hu\/\u00a0weboldalon tal\u00e1lhat\u00f3 kapcsolati \u0171rlapot \u00e9rint\u0151 adatkezel\u00e9sr\u0151l<\/strong><\/p>\n<p><strong>\u00a0<\/strong><\/p>\n<p>Jelen dokumentum c\u00e9lja, hogy az Eur\u00f3pai Parlament \u00e9s Tan\u00e1cs a term\u00e9szetes szem\u00e9lyeknek a szem\u00e9lyes adatok kezel\u00e9se tekintet\u00e9ben t\u00f6rt\u00e9n\u0151 v\u00e9delm\u00e9r\u0151l \u00e9s az ilyen adatok szabad \u00e1raml\u00e1s\u00e1r\u00f3l, valamint a 95\/46 EK ir\u00e1nyelv hat\u00e1lyon k\u00edv\u00fcl helyez\u00e9s\u00e9r\u0151l sz\u00f3l\u00f3 2016\/679 rendelete (a tov\u00e1bbiakban: \u201e<em>GDPR<\/em>\u201d) alapj\u00e1n t\u00e1j\u00e9koztat\u00e1st adjon a https:\/\/rezhegyokovillapark.hu\/\u00a0weboldalon (a tov\u00e1bbiakban: \u201eWeboldal\u201d) tal\u00e1lhat\u00f3 kapcsolatfelv\u00e9teli \u0171rlapra vonatkoz\u00f3 adatkezel\u00e9sr\u0151l:<\/p>\n<ol>\n<li><strong> AZ ADATKEZEL\u0150RE VONATKOZ\u00d3 ADATOK:<\/strong><\/li>\n<\/ol>\n<p>C\u00e9gn\u00e9v: FEJ\u00c9R-B.\u00c1.L. Zrt. (a tov\u00e1bbiakban: \u201e<em>Adatkezel\u0151<\/em>\u201d)<\/p>\n<p>Sz\u00e9khely: 8086 Felcs\u00fat, F\u0151 utca 217.<\/p>\n<p>C\u00e9gjegyz\u00e9ksz\u00e1m: 07-10-001445<\/p>\n<p>Ad\u00f3sz\u00e1m: 25308673-2-07<\/p>\n<p>K\u00e9pvisel\u0151: Schmidt Zolt\u00e1n vez\u00e9rigazgat\u00f3<\/p>\n<p>Kapcsolattart\u00e1si e-mail c\u00edm: <a href=\"mailto:info@rezhegyokovillapark.hu\">info@rezhegyokovillapark.hu<\/a><\/p>\n<p>Telefonsz\u00e1m: +36 30 732 5668<\/p>\n<ol start=\"2\">\n<li><strong> AZ ADATKEZEL\u00c9S C\u00c9LJA, \u00c9RINTETTEK KATEG\u00d3RI\u00c1I, AZ ADATKEZEL\u00c9S JOGALAPJA, AZ ADATKEZEL\u0150 \u00c1LTAL KEZELT ADATOK K\u00d6RE, MEG\u0150RZ\u00c9SI ID\u0150:<\/strong><\/li>\n<\/ol>\n<table width=\"112%\">\n<tbody>\n<tr>\n<td width=\"22%\"><strong>Az adatkezel\u00e9s c\u00e9lja:<\/strong><\/td>\n<td width=\"77%\">Az Adatkezel\u0151vel val\u00f3 k\u00f6zvetlen kapcsolatfelv\u00e9tel, egyszer\u0171 m\u00f3don t\u00f6rt\u00e9n\u0151 kommunik\u00e1ci\u00f3 lebonyol\u00edt\u00e1sa.<\/p>\n<p>Az Adatkezel\u0151 szakmai tev\u00e9kenys\u00e9g\u00e9vel kapcsolatban a Weboldal\u00e1n kereszt\u00fcl ny\u00fajt t\u00e1j\u00e9koztat\u00e1st. A Weboldal felkeres\u00e9se sor\u00e1n, a \u201eKapcsolat\u201d men\u00fc pontban az \u00c9rintettnek lehet\u0151s\u00e9ge van az Adatkezel\u0151vel a kapcsolatot felvenni \u00e9s \u00fczenetet k\u00fcldeni elektronikus \u00faton. Az \u00c9rintett \u00e1ltal bek\u00fcld\u00f6tt \u00fczenet feldolgoz\u00e1sra ker\u00fcl \u00e9s ez alapj\u00e1n egy v\u00e1lasz\u00fczenetben kapcsolatfelv\u00e9telre ker\u00fcl sor vele, abban a t\u00e9m\u00e1ban, amiben az \u00fczenetet k\u00fcldte. Az Adatkezel\u0151 a le\u00edrt c\u00e9lt\u00f3l elt\u00e9r\u0151en nem haszn\u00e1lja fel az \u00c9rintett szem\u00e9lyes adatait.<\/td>\n<\/tr>\n<tr>\n<td width=\"22%\"><strong>\u00c9rintettek kateg\u00f3ri\u00e1i:<\/strong><\/td>\n<td width=\"77%\">\u00c9rintettnek min\u0151s\u00fclnek azok a term\u00e9szetes szem\u00e9lyek, akik haszn\u00e1lj\u00e1k az Adatkezel\u0151 Weboldal\u00e1n a kapcsolati \u0171rlapot (kapcsolati f\u00f3rumot).<\/td>\n<\/tr>\n<tr>\n<td width=\"22%\"><strong>Az adatkezel\u00e9s jogalapja:<\/strong><\/td>\n<td width=\"77%\">A kapcsolati \u0171rlapot haszn\u00e1l\u00f3 szem\u00e9ly (tov\u00e1bbiakban: \u201e\u00c9rintett) \u00f6nk\u00e9ntes hozz\u00e1j\u00e1rul\u00e1sa (a GDPR II. fejezet 6.cikk (1) bek. a) pont alapj\u00e1n).<\/p>\n<p>A hozz\u00e1j\u00e1rul\u00e1s megad\u00e1sa az Adatkezel\u0151 Weboldal\u00e1n, a Kapcsolatfelv\u00e9teli \u0171rlap kit\u00f6lt\u00e9sekor, ezen t\u00e1j\u00e9koztat\u00f3 egyidej\u0171 elektronikus elolvas\u00e1s\u00e1val \u00e9s elfogad\u00e1s\u00e1val t\u00f6rt\u00e9nik meg. Az \u00c9rintett szem\u00e9lyes adatait nem k\u00f6teles megadni, de a Kapcsolatfelv\u00e9teli \u0171rlap kit\u00f6lt\u00e9s\u00e9nek \u00e9s bek\u00fcld\u00e9s\u00e9nek el\u0151felt\u00e9tele, mert ennek hi\u00e1ny\u00e1ban az \u00c9rintettel nem lehet kapcsolatot l\u00e9tes\u00edteni \u00e9s v\u00e1laszolni, megfelel\u0151en reag\u00e1lni az \u00e1ltala k\u00fcldeni k\u00edv\u00e1nt \u00fczenetre.<\/td>\n<\/tr>\n<tr>\n<td width=\"22%\"><strong>Szem\u00e9lyes adatok kateg\u00f3ri\u00e1i:<\/strong><\/td>\n<td width=\"77%\">A kapcsolati \u0171rlap haszn\u00e1lat sor\u00e1n kezelt szem\u00e9lyes adatok:<\/p>\n<p>&#8211;\u00a0\u00a0\u00a0\u00a0\u00a0\u00a0\u00a0\u00a0\u00a0 N\u00e9v<\/p>\n<p>&#8211;\u00a0\u00a0\u00a0\u00a0\u00a0\u00a0\u00a0\u00a0\u00a0 E-mail c\u00edm<\/p>\n<p>&#8211;\u00a0\u00a0\u00a0\u00a0\u00a0\u00a0\u00a0\u00a0\u00a0 Telefonsz\u00e1m<\/td>\n<\/tr>\n<tr>\n<td width=\"22%\"><strong>Az adatkezel\u00e9s id\u0151tartama:<\/strong><\/td>\n<td width=\"77%\">A Kapcsolatfelv\u00e9teli \u0171rlap be\u00e9rkez\u00e9s\u00e9t k\u00f6vet\u0151en a kapcsol\u00f3d\u00f3 szem\u00e9lyes adatokat 30 napig kezeli az Adatkezel\u0151. Az Adatkezel\u0151 az \u0171rlap be\u00e9rkez\u00e9s\u00e9t k\u00f6vet\u0151en arra 15 napon bel\u00fcl \u00e9rdemben reag\u00e1l, majd kik\u00fcldi v\u00e1lasz\u00e1t az \u00c9rintettnek. Amennyiben az \u00c9rintett nem reag\u00e1l az Adatkezel\u0151 \u00e1ltal kik\u00fcld\u00f6tt v\u00e1laszra 30 napon bel\u00fcl, akkor ennek t\u00e9ny\u00e9t 15 nap alatt ellen\u0151rzi az Adatkezel\u0151, majd t\u00f6rli az \u00c9rintett szem\u00e9lyes adatait.<\/p>\n<p>Amennyiben a v\u00e1lasz\u00fczenet kik\u00fcld\u00e9se ut\u00e1n, olyan automatikus email \u00fczenet \u00e9rkezik vissza az Adatkezel\u0151nek, hogy az email c\u00edm m\u00e1r nem \u00e9rhet\u0151 el, vagy m\u00e1r nem a hozz\u00e1j\u00e1rul\u00e1st megad\u00f3 \u00e9rintett haszn\u00e1lja, akkor az email c\u00edmhez kapcsol\u00f3d\u00f3 \u00f6sszes szem\u00e9lyes adat t\u00f6rl\u00e9s\u00e9re int\u00e9zkedik a tudom\u00e1sszerz\u00e9st k\u00f6vet\u0151 15 napon bel\u00fcl.<\/p>\n<p>Az \u00c9rintett jogosult arra, hogy hozz\u00e1j\u00e1rul\u00e1s\u00e1t b\u00e1rmikor visszavonja. A hozz\u00e1j\u00e1rul\u00e1s visszavon\u00e1sa nem \u00e9rinti a hozz\u00e1j\u00e1rul\u00e1son alapul\u00f3, a visszavon\u00e1s el\u0151tt v\u00e9grehajtott adatkezel\u00e9s jogszer\u0171s\u00e9g\u00e9t.<\/td>\n<\/tr>\n<\/tbody>\n<\/table>\n<p><strong>\u00a0<\/strong><\/p>\n<ol start=\"3\">\n<li><strong> ADATTOV\u00c1BB\u00cdT\u00c1S:<\/strong><\/li>\n<\/ol>\n<p>Az Adatkezel\u0151 az adatkezel\u00e9si tev\u00e9kenys\u00e9ge sor\u00e1n a szem\u00e9lyes adatokat nem tov\u00e1bb\u00edtja harmadik orsz\u00e1gba vagy nemzetk\u00f6zi szervezet, illetve egy\u00e9b c\u00edmzettek r\u00e9sz\u00e9re. Az adatkezel\u00e9s sor\u00e1n automatiz\u00e1lt d\u00f6nt\u00e9shozatal \u00e9s profilalkot\u00e1s nem t\u00f6rt\u00e9nik.<\/p>\n<ol start=\"4\">\n<li><strong> ADATBIZTONS\u00c1GI INT\u00c9ZKED\u00c9SEK:<\/strong><\/li>\n<\/ol>\n<p>A kapcsolati \u0171rlap haszn\u00e1latakor \u00fczenetet \u00e9s az \u00c9rintett \u00fczenet elk\u00fcld\u00e9sekor megadott szem\u00e9lyes adatait az Adatkezel\u0151 munkav\u00e1llal\u00f3ja (az e-mail fi\u00f3k erre kijel\u00f6lt kezel\u0151je) l\u00e1tja, \u00e9s kiz\u00e1r\u00f3lag azon illet\u00e9kes munkat\u00e1rsakhoz ker\u00fclnek tov\u00e1bb\u00edt\u00e1sra, akiknek a k\u00e9rd\u00e9s megv\u00e1laszol\u00e1sa a munkak\u00f6r\u00fckn\u00e9l fogva feladata.<\/p>\n<p>Amennyiben az \u00c9rintett adatv\u00e9delmi incidenst \u00e9szlel, err\u0151l sz\u00f3l\u00f3 bejelent\u00e9s\u00e9t is az Adatkezel\u0151 el\u00e9rhet\u0151s\u00e9gein teheti meg.<\/p>\n<ol start=\"5\">\n<li><strong> AZ \u00c9RINTETT JOGAI<\/strong><\/li>\n<\/ol>\n<p>Az \u00c9rintett k\u00e9relmezheti az Adatkezel\u0151t\u0151l a r\u00e1 vonatkoz\u00f3 szem\u00e9lyes adatokhoz val\u00f3 hozz\u00e1f\u00e9r\u00e9st, azok helyesb\u00edt\u00e9s\u00e9t, t\u00f6rl\u00e9s\u00e9t vagy kezel\u00e9s\u00e9nek korl\u00e1toz\u00e1s\u00e1t, tiltakozhat az ilyen szem\u00e9lyes adatok kezel\u00e9se ellen \u00e9s \u00e9lhet az adathordozhat\u00f3s\u00e1ghoz val\u00f3 jog\u00e1val. Az \u00c9rintett az Adatkezel\u0151 jelen t\u00e1j\u00e9koztat\u00f3ban megjel\u00f6lt el\u00e9rhet\u0151s\u00e9gein ny\u00fajthatja be adatkezel\u00e9ssel kapcsolatos k\u00e9relmeit.<\/p>\n<p><strong><em>\u00a0<\/em><\/strong><\/p>\n<p><strong><em>Hozz\u00e1f\u00e9r\u00e9s<\/em><\/strong>:<\/p>\n<p>Az \u00c9rintett jogosult hozz\u00e1f\u00e9rni szem\u00e9lyes adataihoz. Ennek c\u00e9lja, hogy az \u00c9rintett tiszt\u00e1ban legyen azzal, \u00e9s ellen\u0151rizhesse, hogy az Adatkezel\u0151 szem\u00e9lyes adatait a vonatkoz\u00f3 adatv\u00e9delmi jogszab\u00e1lyokkal \u00f6sszhangban haszn\u00e1lja fel.<\/p>\n<p><strong><em>\u00a0<\/em><\/strong><\/p>\n<p><strong><em>A helyesb\u00edt\u00e9shez val\u00f3 jog<\/em><\/strong>:<\/p>\n<p>Az \u00c9rintett jogosult a pontatlan vagy nem teljes szem\u00e9lyes adatai helyesb\u00edt\u00e9s\u00e9re. Az \u00c9rintett az Adatkezel\u0151 megadott el\u00e9rhet\u0151s\u00e9gein kereszt\u00fcl \u00edr\u00e1sban k\u00e9rheti, hogy az Adatkezel\u0151 helyesb\u00edtse valamely szem\u00e9lyes adat\u00e1t (pl. a nev\u00e9t, e-mail c\u00edm\u00e9t, ha abban v\u00e1ltoz\u00e1s k\u00f6vetkezik be).<\/p>\n<p><strong><em>\u00a0<\/em><\/strong><\/p>\n<p><strong><em>A t\u00f6rl\u00e9shez val\u00f3 jog (\u201eaz elfeledtet\u00e9shez val\u00f3 jog\u201d): <\/em><\/strong><\/p>\n<p>Az \u00c9rintettnek lehet\u0151s\u00e9ge van arra, hogy t\u00f6r\u00f6ltesse vagy elt\u00e1vol\u00edttassa szem\u00e9lyes adatait, ha nincs jogszer\u0171 indok az Adatkezel\u0151 sz\u00e1m\u00e1ra azok tov\u00e1bbi haszn\u00e1lat\u00e1ra.<\/p>\n<p><strong><em>\u00a0<\/em><\/strong><\/p>\n<p><strong><em>Az adatkezel\u00e9s korl\u00e1toz\u00e1s\u00e1hoz val\u00f3 jog<\/em><\/strong>:<\/p>\n<p>Az \u00c9rintett k\u00e9rheti adatai tov\u00e1bbi kezel\u00e9s\u00e9nek \u201eblokkol\u00e1s\u00e1t\u201d vagy korl\u00e1toz\u00e1s\u00e1t. Az adatkezel\u00e9s korl\u00e1toz\u00e1sa eset\u00e9n az Adatkezel\u0151 tov\u00e1bbra is t\u00e1rolhatja az adatokat, de egy\u00e9bk\u00e9nt nem haszn\u00e1lhatja fel azokat.<\/p>\n<p>Az adatok korl\u00e1toz\u00e1s\u00e1t akkor lehet k\u00e9rni, ha az \u00c9rintett:<\/p>\n<ul>\n<li>\u00fagy gondolja, hogy adatai nem pontosak, vagy<\/li>\n<li>\u00fagy gondolja, hogy adatait az Adatkezel\u0151 jogellenesen kezelte, de az adat t\u00f6rl\u00e9s\u00e9t nem szeretn\u00e9,<\/li>\n<li>ig\u00e9nyli az adatkezel\u00e9st jogi ig\u00e9nye \u00e9rv\u00e9nyes\u00edt\u00e9se vagy v\u00e9delme miatt, de m\u00e1r az Adatkezel\u0151nek nincs sz\u00fcks\u00e9ge ezekre az adatokra.<\/li>\n<\/ul>\n<p><strong><em>Adathordozhat\u00f3s\u00e1ghoz val\u00f3 jog<\/em><\/strong>:<\/p>\n<p>Az \u00c9rintett jogosult a szem\u00e9lyes adatait megkapni \u00e9s saj\u00e1t c\u00e9lj\u00e1ra m\u00e1s szolg\u00e1ltat\u00e1sokkal \u00f6sszef\u00fcgg\u00e9sben vagy t\u00e1rsas\u00e1gok kezel\u00e9s\u00e9ben \u00fajra felhaszn\u00e1lni. Az adathordozhat\u00f3s\u00e1g nem j\u00e1r automatikusan az adat t\u00f6rl\u00e9s\u00e9vel, \u00e9s nem \u00e9rinti a tov\u00e1bb\u00edtott adatra az Adatkezel\u0151nek ir\u00e1nyad\u00f3 meg\u0151rz\u00e9si id\u0151t sem.<\/p>\n<p><strong><em>\u00a0<\/em><\/strong><\/p>\n<p><strong><em>Tiltakoz\u00e1s az adatkezel\u00e9s ellen<\/em><\/strong>:<\/p>\n<p>Az \u00c9rintett jogosult arra, hogy a saj\u00e1t helyzet\u00e9vel kapcsolatos okokb\u00f3l b\u00e1rmikor tiltakozzon szem\u00e9lyes adatainak kezel\u00e9se ellen. Ebben az esetben az Adatkezel\u0151 a szem\u00e9lyes adatokat nem kezelheti tov\u00e1bb, kiv\u00e9ve, ha az Adatkezel\u0151 bizony\u00edtja, hogy az adatkezel\u00e9st olyan k\u00e9nyszer\u00edt\u0151 erej\u0171 jogos okok indokolj\u00e1k, amelyek els\u0151bbs\u00e9get \u00e9lveznek az \u00c9rintett \u00e9rdekeivel, jogaival \u00e9s szabads\u00e1gaival szemben, vagy amelyek jogi ig\u00e9nyek el\u0151terjeszt\u00e9s\u00e9hez, \u00e9rv\u00e9nyes\u00edt\u00e9s\u00e9hez vagy v\u00e9delm\u00e9hez kapcsol\u00f3dnak.<\/p>\n<p><strong><em>A jogok gyakorl\u00e1s\u00e1nak keretei: <\/em><\/strong><\/p>\n<p>Adatkezel\u0151 indokolatlan k\u00e9sedelem n\u00e9lk\u00fcl, de mindenf\u00e9lek\u00e9ppen a k\u00e9relem be\u00e9rkez\u00e9s\u00e9t\u0151l sz\u00e1m\u00edtott <strong>egy h\u00f3napon bel\u00fcl <\/strong>t\u00e1j\u00e9koztatja az \u00c9rintettet az el\u0151bbiekben felsorolt jogaival kapcsolatos k\u00e9relem nyom\u00e1n hozott int\u00e9zked\u00e9sekr\u0151l. Sz\u00fcks\u00e9g eset\u00e9n, figyelembe v\u00e9ve a k\u00e9relem \u00f6sszetetts\u00e9g\u00e9t \u00e9s a k\u00e9relmek sz\u00e1m\u00e1t, ez a hat\u00e1rid\u0151 tov\u00e1bbi k\u00e9t h\u00f3nappal meghosszabb\u00edthat\u00f3. A hat\u00e1rid\u0151 meghosszabb\u00edt\u00e1s\u00e1r\u00f3l az Adatkezel\u0151 a k\u00e9sedelem okainak megjel\u00f6l\u00e9s\u00e9vel a k\u00e9relem k\u00e9zhezv\u00e9tel\u00e9t\u0151l sz\u00e1m\u00edtott egy h\u00f3napon bel\u00fcl t\u00e1j\u00e9koztatja az \u00c9rintettet. Ha Adatkezel\u0151 nem tesz int\u00e9zked\u00e9seket az \u00c9rintett k\u00e9relme nyom\u00e1n, k\u00e9sedelem n\u00e9lk\u00fcl, de legk\u00e9s\u0151bb a k\u00e9relem be\u00e9rkez\u00e9s\u00e9t\u0151l sz\u00e1m\u00edtott egy h\u00f3napon bel\u00fcl t\u00e1j\u00e9koztatja az \u00c9rintettet az int\u00e9zked\u00e9s elmarad\u00e1s\u00e1nak okair\u00f3l, valamint arr\u00f3l, hogy az \u00c9rintett panaszt ny\u00fajthat be a fel\u00fcgyeleti hat\u00f3s\u00e1ghoz.<\/p>\n<p><strong><em>\u00a0<\/em><\/strong><\/p>\n<p><strong><em>Fel\u00fcgyeleti hat\u00f3s\u00e1ghoz c\u00edmzett panasz beny\u00fajt\u00e1s\u00e1nak joga \u00e9s a b\u00edr\u00f3s\u00e1ghoz fordul\u00e1s joga:<\/em><\/strong><\/p>\n<p>Az \u00c9rintett az adatkezel\u00e9ssel kapcsolatban panaszt ny\u00fajthat be a Nemzeti Adatv\u00e9delmi \u00e9s Inform\u00e1ci\u00f3szabads\u00e1g Hat\u00f3s\u00e1ghoz (c\u00edm: 1055 Budapest, Falk Miksa utca 9-11., levelez\u00e9si c\u00edm: 1363 Budapest, Pf.: 9., tel.: 06 1 391 1400, e-mail: ugyfelszolgalat@naih.hu).<\/p>\n<p>Az \u00c9rintett adatkezel\u00e9ssel kapcsolatos jog\u00e9rv\u00e9nyes\u00edt\u00e9si lehet\u0151s\u00e9ge b\u00edr\u00f3s\u00e1gi elj\u00e1r\u00e1s kezdem\u00e9nyez\u00e9se. Az \u00c9rintett az \u00e1ltala tapasztalt jogellenes adatkezel\u00e9s eset\u00e9n polg\u00e1ri pert kezdem\u00e9nyezhet az Adatkezel\u0151 ellen. A per elb\u00edr\u00e1l\u00e1sa a t\u00f6rv\u00e9nysz\u00e9k hat\u00e1sk\u00f6r\u00e9be tartozik. A per \u2013 az \u00c9rintett v\u00e1laszt\u00e1sa szerint \u2013 a lak\u00f3helye szerinti t\u00f6rv\u00e9nysz\u00e9k el\u0151tt is megind\u00edthat\u00f3 (a t\u00f6rv\u00e9nysz\u00e9kek felsorol\u00e1s\u00e1t \u00e9s el\u00e9rhet\u0151s\u00e9g\u00e9t az al\u00e1bbi linken kereszt\u00fcl tekintheti meg: <a href=\"http:\/\/birosag.hu\/torvenyszekek\">http:\/\/birosag.hu\/torvenyszekek<\/a>).<\/p>\n<p>Az \u00c9rintett k\u00e9rheti a jogellenes adatkezel\u00e9ssel (ide\u00e9rtve az adatbiztons\u00e1gi int\u00e9zked\u00e9sek elmulaszt\u00e1s\u00e1t is) \u00f6sszef\u00fcgg\u00e9sben felmer\u00fclt k\u00e1r\u00e1nak megt\u00e9r\u00edt\u00e9s\u00e9t a k\u00e1rokoz\u00e1s\u00e9rt felel\u0151s Adatkezel\u0151t\u0151l. Ha az Adatkezel\u0151 az \u00c9rintett szem\u00e9lyes adatainak jogellenes kezel\u00e9s\u00e9vel vagy az adatbiztons\u00e1g k\u00f6vetelm\u00e9nyeinek megszeg\u00e9s\u00e9vel az \u00c9rintett szem\u00e9lyis\u00e9gi jog\u00e1t megs\u00e9rti, az \u00c9rintett az Adatkezel\u0151t\u0151l s\u00e9relemd\u00edjat k\u00f6vetelhet. Az Adatkezel\u0151 mentes\u00fcl a felel\u0151ss\u00e9g al\u00f3l, ha bizony\u00edtja, hogy a k\u00e1rt vagy az \u00e9rintett szem\u00e9lyis\u00e9gi jog\u00e1nak s\u00e9relm\u00e9t az adatkezel\u00e9s k\u00f6r\u00e9n k\u00edv\u00fcl es\u0151 elh\u00e1r\u00edthatatlan ok id\u00e9zte el\u0151. Nem kell megt\u00e9r\u00edteni a k\u00e1rt \u00e9s nem k\u00f6vetelhet\u0151 a s\u00e9relemd\u00edj annyiban, amennyiben az a k\u00e1rosult sz\u00e1nd\u00e9kos vagy s\u00falyosan gondatlan magatart\u00e1s\u00e1b\u00f3l sz\u00e1rmazott.<\/p>\n<p><em>FEJ\u00c9R-B.\u00c1.L. Zrt.<\/em><\/p>\n<\/div><\/div><\/div><\/div><\/div>","protected":false},"excerpt":{"rendered":"","protected":false},"author":1,"featured_media":0,"parent":0,"menu_order":0,"comment_status":"closed","ping_status":"closed","template":"","meta":{"footnotes":""},"class_list":["post-2599","page","type-page","status-publish","hentry"],"yoast_head":"<!-- This site is optimized with the Yoast SEO plugin v24.9 - https:\/\/yoast.com\/wordpress\/plugins\/seo\/ -->\n<title>Adatkezel\u00e9si T\u00e1j\u00e9koztat\u00f3 - R\u00e9zhegy \u00d6KO villapark<\/title>\n<meta name=\"description\" content=\"R\u00e9zhegy \u00d6KO villapark - Adatkezel\u00e9si T\u00e1j\u00e9koztat\u00f3\" \/>\n<meta name=\"robots\" content=\"index, follow, max-snippet:-1, max-image-preview:large, max-video-preview:-1\" \/>\n<link rel=\"canonical\" href=\"https:\/\/rezhegyokovillapark.hu\/en\/adatkezelesi-tajekoztato\/\" \/>\n<meta property=\"og:locale\" content=\"en_US\" \/>\n<meta property=\"og:type\" content=\"article\" \/>\n<meta property=\"og:title\" content=\"Adatkezel\u00e9si T\u00e1j\u00e9koztat\u00f3 - R\u00e9zhegy \u00d6KO villapark\" \/>\n<meta property=\"og:description\" content=\"R\u00e9zhegy \u00d6KO villapark - Adatkezel\u00e9si T\u00e1j\u00e9koztat\u00f3\" \/>\n<meta property=\"og:url\" content=\"https:\/\/rezhegyokovillapark.hu\/en\/adatkezelesi-tajekoztato\/\" \/>\n<meta property=\"og:site_name\" content=\"R\u00e9zhegy \u00d6KO villapark\" \/>\n<meta property=\"article:publisher\" content=\"https:\/\/www.facebook.com\/people\/Rzhegy-ko-Villapark\/100083560585942\/\" \/>\n<meta property=\"article:modified_time\" content=\"2023-08-08T10:06:12+00:00\" \/>\n<meta name=\"twitter:card\" content=\"summary_large_image\" \/>\n<meta name=\"twitter:label1\" content=\"Est. reading time\" \/>\n\t<meta name=\"twitter:data1\" content=\"8 minutes\" \/>\n<script type=\"application\/ld+json\" class=\"yoast-schema-graph\">{\"@context\":\"https:\/\/schema.org\",\"@graph\":[{\"@type\":\"WebPage\",\"@id\":\"https:\/\/rezhegyokovillapark.hu\/adatkezelesi-tajekoztato\/\",\"url\":\"https:\/\/rezhegyokovillapark.hu\/adatkezelesi-tajekoztato\/\",\"name\":\"Adatkezel\u00e9si T\u00e1j\u00e9koztat\u00f3 - R\u00e9zhegy \u00d6KO villapark\",\"isPartOf\":{\"@id\":\"https:\/\/rezhegyokovillapark.hu\/#website\"},\"datePublished\":\"2022-08-05T10:52:56+00:00\",\"dateModified\":\"2023-08-08T10:06:12+00:00\",\"description\":\"R\u00e9zhegy \u00d6KO villapark - Adatkezel\u00e9si T\u00e1j\u00e9koztat\u00f3\",\"breadcrumb\":{\"@id\":\"https:\/\/rezhegyokovillapark.hu\/adatkezelesi-tajekoztato\/#breadcrumb\"},\"inLanguage\":\"en-US\",\"potentialAction\":[{\"@type\":\"ReadAction\",\"target\":[\"https:\/\/rezhegyokovillapark.hu\/adatkezelesi-tajekoztato\/\"]}]},{\"@type\":\"BreadcrumbList\",\"@id\":\"https:\/\/rezhegyokovillapark.hu\/adatkezelesi-tajekoztato\/#breadcrumb\",\"itemListElement\":[{\"@type\":\"ListItem\",\"position\":1,\"name\":\"Home\",\"item\":\"https:\/\/rezhegyokovillapark.hu\/\"},{\"@type\":\"ListItem\",\"position\":2,\"name\":\"Adatkezel\u00e9si T\u00e1j\u00e9koztat\u00f3\"}]},{\"@type\":\"WebSite\",\"@id\":\"https:\/\/rezhegyokovillapark.hu\/#website\",\"url\":\"https:\/\/rezhegyokovillapark.hu\/\",\"name\":\"R\u00e9zhegy \u00d6KO villapark\",\"description\":\"Lakjon \u00e9s \u00fcd\u00fclj\u00f6n egyhelyen!\",\"publisher\":{\"@id\":\"https:\/\/rezhegyokovillapark.hu\/#organization\"},\"potentialAction\":[{\"@type\":\"SearchAction\",\"target\":{\"@type\":\"EntryPoint\",\"urlTemplate\":\"https:\/\/rezhegyokovillapark.hu\/?s={search_term_string}\"},\"query-input\":{\"@type\":\"PropertyValueSpecification\",\"valueRequired\":true,\"valueName\":\"search_term_string\"}}],\"inLanguage\":\"en-US\"},{\"@type\":\"Organization\",\"@id\":\"https:\/\/rezhegyokovillapark.hu\/#organization\",\"name\":\"R\u00e9zhegy \u00d6KO Villapark\",\"url\":\"https:\/\/rezhegyokovillapark.hu\/\",\"logo\":{\"@type\":\"ImageObject\",\"inLanguage\":\"en-US\",\"@id\":\"https:\/\/rezhegyokovillapark.hu\/#\/schema\/logo\/image\/\",\"url\":\"https:\/\/rezhegyokovillapark.hu\/wp-content\/uploads\/2023\/08\/rezhegy_50px.png\",\"contentUrl\":\"https:\/\/rezhegyokovillapark.hu\/wp-content\/uploads\/2023\/08\/rezhegy_50px.png\",\"width\":231,\"height\":50,\"caption\":\"R\u00e9zhegy \u00d6KO Villapark\"},\"image\":{\"@id\":\"https:\/\/rezhegyokovillapark.hu\/#\/schema\/logo\/image\/\"},\"sameAs\":[\"https:\/\/www.facebook.com\/people\/Rzhegy-ko-Villapark\/100083560585942\/\",\"https:\/\/www.instagram.com\/rezhegyokovillapark\/\",\"https:\/\/www.tiktok.com\/@rezhegyokovillapark\"]}]}<\/script>\n<!-- \/ Yoast SEO plugin. -->","yoast_head_json":{"title":"Adatkezel\u00e9si T\u00e1j\u00e9koztat\u00f3 - R\u00e9zhegy \u00d6KO villapark","description":"R\u00e9zhegy \u00d6KO villapark - Adatkezel\u00e9si T\u00e1j\u00e9koztat\u00f3","robots":{"index":"index","follow":"follow","max-snippet":"max-snippet:-1","max-image-preview":"max-image-preview:large","max-video-preview":"max-video-preview:-1"},"canonical":"https:\/\/rezhegyokovillapark.hu\/en\/adatkezelesi-tajekoztato\/","og_locale":"en_US","og_type":"article","og_title":"Adatkezel\u00e9si T\u00e1j\u00e9koztat\u00f3 - R\u00e9zhegy \u00d6KO villapark","og_description":"R\u00e9zhegy \u00d6KO villapark - Adatkezel\u00e9si T\u00e1j\u00e9koztat\u00f3","og_url":"https:\/\/rezhegyokovillapark.hu\/en\/adatkezelesi-tajekoztato\/","og_site_name":"R\u00e9zhegy \u00d6KO villapark","article_publisher":"https:\/\/www.facebook.com\/people\/Rzhegy-ko-Villapark\/100083560585942\/","article_modified_time":"2023-08-08T10:06:12+00:00","twitter_card":"summary_large_image","twitter_misc":{"Est. reading time":"8 minutes"},"schema":{"@context":"https:\/\/schema.org","@graph":[{"@type":"WebPage","@id":"https:\/\/rezhegyokovillapark.hu\/adatkezelesi-tajekoztato\/","url":"https:\/\/rezhegyokovillapark.hu\/adatkezelesi-tajekoztato\/","name":"Adatkezel\u00e9si T\u00e1j\u00e9koztat\u00f3 - R\u00e9zhegy \u00d6KO villapark","isPartOf":{"@id":"https:\/\/rezhegyokovillapark.hu\/#website"},"datePublished":"2022-08-05T10:52:56+00:00","dateModified":"2023-08-08T10:06:12+00:00","description":"R\u00e9zhegy \u00d6KO villapark - Adatkezel\u00e9si T\u00e1j\u00e9koztat\u00f3","breadcrumb":{"@id":"https:\/\/rezhegyokovillapark.hu\/adatkezelesi-tajekoztato\/#breadcrumb"},"inLanguage":"en-US","potentialAction":[{"@type":"ReadAction","target":["https:\/\/rezhegyokovillapark.hu\/adatkezelesi-tajekoztato\/"]}]},{"@type":"BreadcrumbList","@id":"https:\/\/rezhegyokovillapark.hu\/adatkezelesi-tajekoztato\/#breadcrumb","itemListElement":[{"@type":"ListItem","position":1,"name":"Home","item":"https:\/\/rezhegyokovillapark.hu\/"},{"@type":"ListItem","position":2,"name":"Adatkezel\u00e9si T\u00e1j\u00e9koztat\u00f3"}]},{"@type":"WebSite","@id":"https:\/\/rezhegyokovillapark.hu\/#website","url":"https:\/\/rezhegyokovillapark.hu\/","name":"R\u00e9zhegy ECO Villapark","description":"Live and go on holiday at one place!","publisher":{"@id":"https:\/\/rezhegyokovillapark.hu\/#organization"},"potentialAction":[{"@type":"SearchAction","target":{"@type":"EntryPoint","urlTemplate":"https:\/\/rezhegyokovillapark.hu\/?s={search_term_string}"},"query-input":{"@type":"PropertyValueSpecification","valueRequired":true,"valueName":"search_term_string"}}],"inLanguage":"en-US"},{"@type":"Organization","@id":"https:\/\/rezhegyokovillapark.hu\/#organization","name":"R\u00e9zhegy \u00d6KO Villapark","url":"https:\/\/rezhegyokovillapark.hu\/","logo":{"@type":"ImageObject","inLanguage":"en-US","@id":"https:\/\/rezhegyokovillapark.hu\/#\/schema\/logo\/image\/","url":"https:\/\/rezhegyokovillapark.hu\/wp-content\/uploads\/2023\/08\/rezhegy_50px.png","contentUrl":"https:\/\/rezhegyokovillapark.hu\/wp-content\/uploads\/2023\/08\/rezhegy_50px.png","width":231,"height":50,"caption":"R\u00e9zhegy \u00d6KO Villapark"},"image":{"@id":"https:\/\/rezhegyokovillapark.hu\/#\/schema\/logo\/image\/"},"sameAs":["https:\/\/www.facebook.com\/people\/Rzhegy-ko-Villapark\/100083560585942\/","https:\/\/www.instagram.com\/rezhegyokovillapark\/","https:\/\/www.tiktok.com\/@rezhegyokovillapark"]}]}},"_links":{"self":[{"href":"https:\/\/rezhegyokovillapark.hu\/en\/wp-json\/wp\/v2\/pages\/2599","targetHints":{"allow":["GET"]}}],"collection":[{"href":"https:\/\/rezhegyokovillapark.hu\/en\/wp-json\/wp\/v2\/pages"}],"about":[{"href":"https:\/\/rezhegyokovillapark.hu\/en\/wp-json\/wp\/v2\/types\/page"}],"author":[{"embeddable":true,"href":"https:\/\/rezhegyokovillapark.hu\/en\/wp-json\/wp\/v2\/users\/1"}],"replies":[{"embeddable":true,"href":"https:\/\/rezhegyokovillapark.hu\/en\/wp-json\/wp\/v2\/comments?post=2599"}],"version-history":[{"count":9,"href":"https:\/\/rezhegyokovillapark.hu\/en\/wp-json\/wp\/v2\/pages\/2599\/revisions"}],"predecessor-version":[{"id":2652,"href":"https:\/\/rezhegyokovillapark.hu\/en\/wp-json\/wp\/v2\/pages\/2599\/revisions\/2652"}],"wp:attachment":[{"href":"https:\/\/rezhegyokovillapark.hu\/en\/wp-json\/wp\/v2\/media?parent=2599"}],"curies":[{"name":"wp","href":"https:\/\/api.w.org\/{rel}","templated":true}]}}